{"version":"1.0","provider_name":"Celta","provider_url":"https:\/\/rccelta.es\/gl\/","author_name":"Alberto Carballo","author_url":"https:\/\/rccelta.es\/gl\/author\/acarballo\/","title":"O RC Celta incorpora ao primeiro xogador do acordo de colaboraci\u00f3n coa Fursan Hispania FC Academy de Dub\u00e1i | Celta","type":"rich","width":600,"height":338,"html":"<blockquote class=\"wp-embedded-content\"><a href=\"https:\/\/rccelta.es\/gl\/fundacion\/actualidad\/germainmiller-fursanhispania\/\">O RC Celta incorpora ao primeiro xogador do acordo de colaboraci\u00f3n coa Fursan Hispania FC Academy de Dub\u00e1i<\/a><\/blockquote>\n<script type='text\/javascript'>\n<!--\/\/--><![CDATA[\/\/><!--\n\t\t\/*! This file is auto-generated *\/\n\t\t!function(d,l){\"use strict\";var e=!1,o=!1;if(l.querySelector)if(d.addEventListener)e=!0;if(d.wp=d.wp||{},!d.wp.receiveEmbedMessage)if(d.wp.receiveEmbedMessage=function(e){var t=e.data;if(t)if(t.secret||t.message||t.value)if(!\/[^a-zA-Z0-9]\/.test(t.secret)){var r,a,i,s,n,o=l.querySelectorAll('iframe[data-secret=\"'+t.secret+'\"]'),c=l.querySelectorAll('blockquote[data-secret=\"'+t.secret+'\"]');for(r=0;r<c.length;r++)c[r].style.display=\"none\";for(r=0;r<o.length;r++)if(a=o[r],e.source===a.contentWindow){if(a.removeAttribute(\"style\"),\"height\"===t.message){if(1e3<(i=parseInt(t.value,10)))i=1e3;else if(~~i<200)i=200;a.height=i}if(\"link\"===t.message)if(s=l.createElement(\"a\"),n=l.createElement(\"a\"),s.href=a.getAttribute(\"src\"),n.href=t.value,n.host===s.host)if(l.activeElement===a)d.top.location.href=t.value}}},e)d.addEventListener(\"message\",d.wp.receiveEmbedMessage,!1),l.addEventListener(\"DOMContentLoaded\",t,!1),d.addEventListener(\"load\",t,!1);function t(){if(!o){o=!0;var e,t,r,a,i=-1!==navigator.appVersion.indexOf(\"MSIE 10\"),s=!!navigator.userAgent.match(\/Trident.*rv:11\\.\/),n=l.querySelectorAll(\"iframe.wp-embedded-content\");for(t=0;t<n.length;t++){if(!(r=n[t]).getAttribute(\"data-secret\"))a=Math.random().toString(36).substr(2,10),r.src+=\"#?secret=\"+a,r.setAttribute(\"data-secret\",a);if(i||s)(e=r.cloneNode(!0)).removeAttribute(\"security\"),r.parentNode.replaceChild(e,r)}}}}(window,document);\n\/\/--><!]]>\n<\/script><iframe sandbox=\"allow-scripts\" security=\"restricted\" src=\"https:\/\/rccelta.es\/gl\/fundacion\/actualidad\/germainmiller-fursanhispania\/embed\/\" width=\"600\" height=\"338\" title=\"&#8220;O RC Celta incorpora ao primeiro xogador do acordo de colaboraci\u00f3n coa Fursan Hispania FC Academy de Dub\u00e1i&#8221; &#8212; Celta\" frameborder=\"0\" marginwidth=\"0\" marginheight=\"0\" scrolling=\"no\" class=\"wp-embedded-content\"><\/iframe>","thumbnail_url":"https:\/\/rccelta.es\/app\/uploads\/2022\/10\/20221017_M\u00edchelSalgado_Germain-Miller_FursanHispaniaFC_3.jpg","thumbnail_width":1300,"thumbnail_height":400,"description":"O acordo de colaboraci\u00f3n, asinado en xu\u00f1o de 2017 e que levou \u00e1s Instalaci\u00f3ns Deportivas da Madroa a xogadores formados na Fursan Hispania FC Academy, vive un d\u00eda en grao sumo especial coa incorporaci\u00f3n definitiva do primeiro xogador \u00e1s categor\u00edas inferiores do RC Celta. M\u00edchel Salgado, exxogador do RC Celta e director da Fursan Hispania &hellip; Continuaci\u00f3n"}